{"id":4255,"date":"2022-07-23T11:14:40","date_gmt":"2022-07-23T16:14:40","guid":{"rendered":"https:\/\/asambleaalide.org\/Asambleas\/alide_53\/?page_id=4255"},"modified":"2023-05-31T21:24:08","modified_gmt":"2023-06-01T02:24:08","slug":"programas","status":"publish","type":"page","link":"https:\/\/asambleaalide.org\/Asambleas\/alide_53\/programas\/","title":{"rendered":"PROGRAMA"},"content":{"rendered":"<h2>PROGRAMA<\/h2>\n<p style=\"text-align: rigth;\"><a href=\"https:\/\/asambleaalide.org\/Asambleas\/alide_53\/\">Inicio <\/a> \/ Programa<\/p>\n<p><strong><u>PROGRAMA PRELIMINAR<\/u><\/strong><\/p>\n<p><strong>Tema Central: Desarrollando el Potencial Intr\u00ednseco de Am\u00e9rica Latina y del Caribe frente al Mundo: papel y desaf\u00edos de la banca de desarrollo<\/strong><\/p>\n<p><em>(COPANTL Hotel &amp; Convention Center, del 31 de mayo al 2 de junio 2023)<\/em><\/p>\n<ul>\n<li id=\"martes-30-de-mayo-2023\" aria-selected=\"true\" data-tab=\"1\" role=\"tab\" tabindex=\"0\" aria-controls=\"martes-30-de-mayo-2023-tab\" aria-expanded=\"false\">\n                                                            Martes, 30 de mayo 2023                                                    <\/li>\n<li id=\"mircoles-31-de-mayo-2023\" aria-selected=\"false\" data-tab=\"2\" role=\"tab\" tabindex=\"-1\" aria-controls=\"mircoles-31-de-mayo-2023-tab\" aria-expanded=\"false\">\n                                                            Mi\u00e9rcoles, 31 de mayo 2023                                                    <\/li>\n<li id=\"jueves-1-de-junio-2023\" aria-selected=\"false\" data-tab=\"3\" role=\"tab\" tabindex=\"-1\" aria-controls=\"jueves-1-de-junio-2023-tab\" aria-expanded=\"false\">\n                                                            Jueves, 1 de junio 2023                                                    <\/li>\n<li id=\"viernes-2-de-junio-2023\" aria-selected=\"false\" data-tab=\"4\" role=\"tab\" tabindex=\"-1\" aria-controls=\"viernes-2-de-junio-2023-tab\" aria-expanded=\"false\">\n                                                            Viernes, 2 de junio 2023                                                    <\/li>\n<\/ul>\n<table>\n<thead>\n<tr>\n<th style=\"padding: 10px; background-color: #007f8e; color: #fff; text-align: center;\" scope=\"col\" width=\"88\">\u00a0<\/th>\n<th style=\"padding: 10px; background-color: #007f8e; color: #fff; text-align: center;\" scope=\"col\" width=\"286\">Martes, 30 de mayo 2023<\/th>\n<th style=\"padding: 10px; background-color: #dddddd; color: #000; text-align: center;\" scope=\"col\" width=\"96\">Hotel Copantl Salones<\/th>\n<\/tr>\n<\/thead>\n<tbody>\n<tr>\n<th style=\"padding: 10px; color: #898989; text-align: left;\" colspan=\"3\">Este d\u00eda se efectuar\u00e1n actividades internas de los \u00f3rganos institucionales y directivos de ALIDE, as\u00ed como un seminario enfocado en<br \/>Centroam\u00e9rica y la integraci\u00f3n con sus pares latinoamericanos.<\/th>\n<\/tr>\n<tr>\n<th style=\"padding: 10px; color: #898989; text-align: left;\">9:00 \u2013 17:00 horas<\/th>\n<td style=\"padding: 10px; color: #898989; text-align: left;\" align=\"left\">Registro de Participantes<\/td>\n<td style=\"padding: 10px; color: #000;\">Foyer<\/td>\n<\/tr>\n<tr>\n<th style=\"padding: 10px; color: #898989; text-align: left;\">9:00 \u2013 17:00 horas<\/th>\n<td style=\"padding: 10px; color: #898989; text-align: left;\" align=\"left\">Entrevistas Bilaterales<\/td>\n<td style=\"padding: 10px; color: #000;\">Napole\u00f3n 2 y 3<\/td>\n<\/tr>\n<tr>\n<th style=\"padding: 10px; color: #898989; text-align: left;\">10:30 \u201312:30 horas<\/th>\n<td style=\"padding: 10px; color: #898989; text-align: left;\" align=\"left\">Reuni\u00f3n de Coordinadores Nacionales de ALIDE<\/td>\n<td style=\"padding: 10px; color: #000;\">Napole\u00f3n 3<\/td>\n<\/tr>\n<tr>\n<th style=\"padding: 10px; color: #898989; text-align: left;\">12:30 horas<\/th>\n<td style=\"padding: 10px; color: #898989; text-align: left;\" align=\"left\">Almuerzo ofrecido en honor de los Coordinadores<br \/>Nacionales de ALIDE<\/td>\n<td style=\"padding: 10px; color: #000;\">Restaurante La Posada<\/td>\n<\/tr>\n<tr>\n<th style=\"padding: 10px; color: #898989; text-align: left; vertical-align: middle;\">14:30 \u2013 16:00 horas<\/th>\n<td style=\"padding: 10px; color: #898989; text-align: left;\" align=\"left\">\n<p><strong>Sesi\u00f3n \u201cCentroam\u00e9rica en el mundo: desaf\u00edos y oportunidades\u201d<\/strong><\/p>\n<p><u>Moderador<\/u>: Irvin Zavala, Gerente, Banco Hondure\u00f1o para la Producci\u00f3n y la Vivienda (BANHPROVI)<\/p>\n<p><u>Comentaristas<\/u>:<\/p>\n<ul>\n<li>Odalis Francisco Marte, Secretario Ejecutivo, Consejo Monetario Centroamericano (SECMCA) \/ Wilfredo D\u00edaz, Economista, SECMCA<\/li>\n<li>Jose Manuel Otero, Responsable de Operaciones para Am\u00e9rica Central, Banco Europeo de Inversiones (BEI)<\/li>\n<li>Armando Navarrete, Economista Jefe, Banco Centroamericano de la Integraci\u00f3n Econ\u00f3mica (BCIE)<\/li>\n<li>Julissa V\u00e1squez, Secretaria General, Banco de Desarrollo y Exportaciones (BANDEX), Rep\u00fablica Dominicana<\/li>\n<li>Daniel Castillo, Vicepresidente, Banco Nacional de Desarrollo Agr\u00edcola (BANADESA)<\/li>\n<\/ul>\n<\/td>\n<td style=\"padding: 10px; color: #000; vertical-align: middle;\">Napole\u00f3n 3<\/td>\n<\/tr>\n<tr>\n<th style=\"padding: 10px; color: #898989; text-align: left;\">18:00 horas<\/th>\n<td style=\"padding: 10px; color: #898989; text-align: left;\" align=\"left\">Reuni\u00f3n del Consejo Directivo de ALIDE<\/td>\n<td style=\"padding: 10px; color: #000;\">Emperador V<\/td>\n<\/tr>\n<tr>\n<th style=\"padding: 10px; color: #898989; text-align: left;\">20:00 horas<\/th>\n<td style=\"padding: 10px; color: #898989; text-align: left;\" align=\"left\">Cena en honor del Consejo Directivo<\/td>\n<td style=\"padding: 10px; color: #000;\">Restaurante La Churrasquer\u00eda<\/td>\n<\/tr>\n<\/tbody>\n<\/table>\n<table>\n<thead>\n<tr>\n<th style=\"padding: 10px; background-color: #007f8e; color: #fff; text-align: center;\" scope=\"col\" width=\"88\">\u00a0<\/th>\n<th style=\"padding: 10px; background-color: #007f8e; color: #fff; text-align: center;\" scope=\"col\" width=\"286\">Mi\u00e9rcoles, 31 de mayo 2023<\/th>\n<th style=\"padding: 10px; background-color: #dddddd; color: #000; text-align: center;\" scope=\"col\" width=\"96\">Hotel Copantl Salones<\/th>\n<\/tr>\n<\/thead>\n<tbody>\n<tr>\n<th style=\"padding: 10px; color: #898989; text-align: left;\">8:00 \u2013 17:00 horas<\/th>\n<td style=\"padding: 10px; color: #898989; text-align: left;\" align=\"left\">Registro de Participantes<\/td>\n<td style=\"padding: 10px; color: #000;\">Foyer<\/td>\n<\/tr>\n<tr>\n<th style=\"padding: 10px; color: #898989; text-align: left;\">9:00 \u2013 18:00 horas<\/th>\n<td style=\"padding: 10px; color: #898989; text-align: left;\" align=\"left\"><strong> Entrevistas Bilaterales<\/strong><\/td>\n<td style=\"padding: 10px; color: #000;\">Napole\u00f3n 2 y 3<\/td>\n<\/tr>\n<tr>\n<th style=\"padding: 10px; color: #898989; text-align: left;\">9:00 \u2013 9:15 horas<\/th>\n<td style=\"padding: 10px; color: #898989; text-align: left;\" align=\"left\"><strong> Sesi\u00f3n Preliminar<\/strong><\/td>\n<td style=\"padding: 10px; color: #000;\">Napole\u00f3n 6<\/td>\n<\/tr>\n<tr>\n<th style=\"padding: 10px; color: #898989; text-align: left; vertical-align: middle;\">9:15 \u2013 10:00 horas<\/th>\n<td style=\"padding: 10px; color: #898989; text-align: left;\" align=\"left\">\n<p style=\"text-align: left;\"><strong>Sesi\u00f3n Inaugural<\/strong><\/p>\n<ul>\n<li style=\"text-align: left;\">Palabras del Presidente de ALIDE, Sr. Luis Antonio Ram\u00edrez<\/li>\n<li style=\"text-align: left;\">Palabras del Presidente de Banhprovi, Sr. Edwin Araque<\/li>\n<li style=\"text-align: left;\">Palabras de la Presidenta de la Rep\u00fablica de Honduras, Sra. Xiomara Castro<\/li>\n<\/ul>\n<\/td>\n<td style=\"padding: 10px; color: #000000; text-align: center; vertical-align: middle;\">Napole\u00f3n 6<\/td>\n<\/tr>\n<tr>\n<th style=\"padding: 10px; color: #898989; text-align: left; vertical-align: middle;\">10:00 \u2013 10:30 horas<\/th>\n<td style=\"padding: 10px; color: #898989;\" align=\"left\">\n<p style=\"text-align: left;\"><strong>Presentaci\u00f3n del Tema Central: Desarrollando el Potencial Intr\u00ednseco de Am\u00e9rica Latina y del Caribe frente al Mundo: papel y desaf\u00edos de la banca de desarrollo<\/strong><\/p>\n<p style=\"text-align: left;\">Edwin Araque, Presidente Ejecutivo, Banco Hondure\u00f1o para la Producci\u00f3n y la Vivienda (BANHPROVI)<\/p>\n<\/td>\n<td style=\"padding: 10px; color: #000; vertical-align: middle;\">Napole\u00f3n 6<\/td>\n<\/tr>\n<tr>\n<th style=\"padding: 10px; background-color: #ffed97; color: #898989; text-align: left;\">10:30 \u2013 11:00 horas<\/th>\n<td style=\"padding: 10px; background-color: #ffed97; color: #898989; text-align: left;\" align=\"left\">Caf\u00e9 &amp; Networking<\/td>\n<td style=\"padding: 10px; background-color: #ffed97; color: #000;\">Foyer<\/td>\n<\/tr>\n<tr>\n<th style=\"padding: 10px; color: #898989; text-align: left; vertical-align: middle;\">11:00 \u2013 12:30 horas<\/th>\n<td style=\"padding: 10px; color: #898989;\" align=\"left\">\n<p style=\"text-align: left;\"><strong>Primera Sesi\u00f3n Plenaria: Rol de las Pol\u00edticas P\u00fablicas para la Atracci\u00f3n de Inversionistas de Clase Mundial y el papel de la Banca de Desarrollo<\/strong><\/p>\n<p style=\"text-align: left;\">\u00bfC\u00f3mo la regi\u00f3n va a vincularse a los mercados internacionales, para aprovechar las oportunidades que genera el nuevo contexto mundial? \u00bfQu\u00e9 pol\u00edticas p\u00fablicas est\u00e1n promoviendo el desarrollo? y \u00bfCu\u00e1les son las caracter\u00edsticas que atraen la inversi\u00f3n extranjera directa y a inversionistas de clase mundial?<\/p>\n<p style=\"text-align: left;\"><u>Presidente de la Sesi\u00f3n<\/u>: Edwin Araque, Presidente Ejecutivo, Banco Hondure\u00f1o para la Producci\u00f3n y la Vivienda (BANHPROVI)<\/p>\n<p style=\"text-align: left;\">Panelistas:<\/p>\n<ul style=\"text-align: left;\">\n<li>Hyginus Leon, Presidente, Caribbean Development Bank (CDB)<\/li>\n<li>Daniel Fonseca, Jefe de Divisi\u00f3n a.i., Conectividad, Mercados y Finanzas, Banco Interamericano de Desarrollo (BID)<\/li>\n<li>Diego Masera, Director Adjunto del Departamento de Coordinaci\u00f3n Regional, Organizaci\u00f3n de las Naciones Unidas para el Desarrollo Industrial (ONUDI) <em>(virtual)<\/em><\/li>\n<li>Lavern McFarlane, Economista Senior, CARICOM Development Fund (CDF)<\/li>\n<li>Christian S\u00e1nchez, Director de Administraci\u00f3n de Riesgos, Nafin\/Bancomext, M\u00e9xico<\/li>\n<\/ul>\n<p style=\"text-align: left;\">Preguntas y respuestas<\/p>\n<\/td>\n<td style=\"padding: 10px; color: #000; vertical-align: middle;\">Napole\u00f3n 6<\/td>\n<\/tr>\n<tr>\n<th style=\"padding: 10px; color: #898989; text-align: left; vertical-align: middle;\">12:30 \u2013 12:45 horas<\/th>\n<td style=\"padding: 10px; color: #898989;\" align=\"left\">\n<p style=\"text-align: left;\"><strong>Lectura de la Declaraci\u00f3n Conjunta ONUDI \u2013 ALIDE<\/strong><\/p>\n<ul>\n<li style=\"text-align: left;\">Palabras del Secretario General de ALIDE, Edgardo Alvarez<\/li>\n<li style=\"text-align: left;\">Palabras del Director Adjunto del Departamento de Coordinaci\u00f3n Regional, Diego Masera<\/li>\n<li style=\"text-align: left;\">Lectura de la Declaraci\u00f3n<\/li>\n<\/ul>\n<\/td>\n<td style=\"padding: 10px; color: #000; vertical-align: middle;\">Napole\u00f3n 6<\/td>\n<\/tr>\n<tr>\n<th style=\"padding: 10px; color: #898989; text-align: left; vertical-align: middle;\">12:45 \u2013 13:00 horas<\/th>\n<td style=\"padding: 10px; color: #898989;\" align=\"left\">\n<p style=\"text-align: left;\"><strong>Sesi\u00f3n \u201cIndia \u2013 Centroam\u00e9rica\u201d:<\/strong> Enhancing trade and investment relations between India and Central American countries<\/p>\n<p style=\"text-align: left;\">Ravindra Mehru, Representante Residente en EE.UU, Export-Import Bank of India (EXIMBANK)<\/p>\n<\/td>\n<td style=\"padding: 10px; color: #000; vertical-align: middle;\">Napole\u00f3n 6<\/td>\n<\/tr>\n<tr>\n<th style=\"padding: 10px; color: #898989; text-align: left; vertical-align: middle;\">13:00 \u2013 13:15 horas<\/th>\n<td style=\"padding: 10px; color: #898989;\" align=\"left\">\n<p style=\"text-align: left;\"><strong>Foto Grupal \u2013 53\u00b0 Asamblea General de ALIDE<\/strong><\/p>\n<\/td>\n<td style=\"padding: 10px; color: #000; vertical-align: middle;\">\u00a0<\/td>\n<\/tr>\n<tr>\n<th style=\"padding: 10px; background-color: #ffed97; color: #898989; text-align: left;\">13:15 \u2013 14:30 horas<\/th>\n<td style=\"padding: 10px; background-color: #ffed97; color: #898989; text-align: left;\" align=\"left\">Almuerzo<\/td>\n<td style=\"padding: 10px; background-color: #ffed97; color: #000;\">Foyer<\/td>\n<\/tr>\n<tr>\n<th style=\"padding: 10px; color: #898989; text-align: left; vertical-align: middle;\">14:30 \u2013 15:30 horas<\/th>\n<td style=\"padding: 10px; color: #898989; text-align: left;\" align=\"left\">\n<p><strong>Panel:<\/strong> Intercambio de experiencias innovadoras de BPD en financiamiento de la sostenibilidad. <em>Coordinado por CAF<\/em>.<\/p>\n<p><u>Moderador<\/u>: Mauricio Reves, Ejecutivo Senior, Vicepresidencia Sector Privado, CAF-Banco de Desarrollo de Am\u00e9rica Latina<\/p>\n<p><u>Panelistas<\/u>:<\/p>\n<ul>\n<li>Juliette Grundman, Directora para M\u00e9xico, Agencia Francesa de Desarrollo (AFD)<\/li>\n<li>Rodrigo Valenzuela, Gerente de Cambio Clim\u00e1tico y Sostenibilidad, DEUMAN<\/li>\n<li>Ivan Cornejo, Director de Organismos Financieros Internacionales, Nafin\/Bancomext, M\u00e9xico<\/li>\n<li>Ariel Zabala, Gerente General, Banco de Desarrollo Productivo (BDP), Bolivia<\/li>\n<\/ul>\n<\/td>\n<td style=\"padding: 10px; color: #000; vertical-align: middle;\">Napole\u00f3n 6<\/td>\n<\/tr>\n<tr>\n<th style=\"padding: 10px; color: #898989; text-align: left; vertical-align: middle;\">15:30 \u2013 16:45 horas<\/th>\n<td style=\"padding: 10px; color: #898989; text-align: left;\" align=\"left\">\n<p><strong><em>Workshop<\/em><\/strong><strong>: <\/strong>Sistemas alimentarios sostenibles e inclusi\u00f3n financiera de la peque\u00f1a agricultura<\/p>\n<p><u>Presentaci\u00f3n magistral<\/u>: \u201cLa Iniciativa Mano de la Mano promovida por la FAO para la planificaci\u00f3n de inversiones para el desarrollo agr\u00edcola sostenible\u201d<\/p>\n<p>M\u00e1ximo Torero, Economista Jefe, FAO <em>(virtual)<\/em><\/p>\n<p><u>Moderador<\/u>: Jorge Meza, Oficial de Pol\u00edticas Senior para Am\u00e9rica Latina y el Caribe, FAO<\/p>\n<p><u>Panelistas<\/u>:<\/p>\n<ul>\n<li>\u00c1ngela Penagos, Presidenta, Fondo para el Financiamiento del Sector Agropecuario (FINAGRO), Colombia <em>(virtual)<\/em><\/li>\n<li>Alan Elizondo, Director General, Fideicomisos Instituidos en Relaci\u00f3n con la Agricultura -FIRA, Banco de M\u00e9xico<\/li>\n<li>Lorena S\u00e1nchez, Gerente de Asesor\u00eda Econ\u00f3mica, Banco de la Rep\u00fablica Oriental del Uruguay (BROU)<\/li>\n<li>Christian Schneider, Especialista Sectorial Senior, Divisi\u00f3n de Conectividad, Mercados y Finanzas, Banco Interamericano de Desarrollo (BID)<\/li>\n<li>Angel Murillo, Especialista en Desarrollo Rural y Medio Ambiente, Banco Centroamericano de la Integraci\u00f3n Econ\u00f3mica (BCIE)<\/li>\n<\/ul>\n<\/td>\n<td style=\"padding: 10px; color: #000; vertical-align: middle;\">Napole\u00f3n 6<\/td>\n<\/tr>\n<tr>\n<th style=\"padding: 10px; background-color: #ffed97; color: #898989; text-align: left; vertical-align: middle;\">16:45 \u2013 17:00 horas<\/th>\n<td style=\"padding: 10px; background-color: #ffed97; color: #898989; text-align: left;\" align=\"left\">Caf\u00e9 &amp; Networking<\/td>\n<td style=\"padding: 10px; background-color: #ffed97; color: #000;\">Foyer<\/td>\n<\/tr>\n<tr>\n<th style=\"padding: 10px; color: #898989; text-align: left; vertical-align: middle;\">\n<p>17:00 \u2013 18:00 horas<\/p>\n<\/th>\n<td style=\"padding: 10px; color: #898989; text-align: left;\" align=\"left\">\n<p><strong>Panel: <\/strong>\u00bfQu\u00e9 hace la banca de desarrollo para fomentar el comercio de mercanc\u00edas?<\/p>\n<p><u>Moderador:<\/u> Jes\u00fas Gutierrez, Consultor, ALIDE<\/p>\n<p><u>Presentaciones<\/u>:<\/p>\n<ul>\n<li>Anderson da Cunha Possa, Director de Negocios, Banco do Nordeste de Brasil (BNB)<\/li>\n<li>Jorge Vel\u00e1zquez, Director de Innovaci\u00f3n, Enlace y Nuevos Negocios, Nafin\/Bancomext, M\u00e9xico<\/li>\n<li>Roberto Gilona, Director de Divisi\u00f3n Internacional, Banco de la Provincia de Buenos Aires (BAPRO), Argentina<\/li>\n<\/ul>\n<\/td>\n<td style=\"padding: 10px; color: #000; vertical-align: middle;\">Napole\u00f3n 6<\/td>\n<\/tr>\n<tr>\n<th style=\"padding: 10px; background-color: #ffed97; color: #898989; text-align: left;\">20:00 horas<\/th>\n<td style=\"padding: 10px; background-color: #ffed97; color: #898989; text-align: left;\" align=\"left\">C\u00f3ctel de Bienvenida<\/td>\n<td style=\"padding: 10px; background-color: #ffed97; color: #000;\">El Para\u00edso<\/td>\n<\/tr>\n<\/tbody>\n<\/table>\n<table>\n<thead>\n<tr>\n<th style=\"padding: 10px; background-color: #007f8e; color: #fff; text-align: center;\" scope=\"col\" width=\"88\">\u00a0<\/th>\n<th style=\"padding: 10px; background-color: #007f8e; color: #fff; text-align: center;\" scope=\"col\" width=\"286\">Jueves, 1 de junio 2023<\/th>\n<th style=\"padding: 10px; background-color: #dddddd; color: #000; text-align: center;\" scope=\"col\" width=\"96\">Hotel Copantl Salones<\/th>\n<\/tr>\n<\/thead>\n<tbody>\n<tr>\n<th style=\"padding: 10px; color: #898989; text-align: left;\">9:00 \u2013 17:30 horas<\/th>\n<td style=\"padding: 10px; color: #898989; text-align: left;\" align=\"left\"><strong>Entrevistas Bilaterales<\/strong><\/td>\n<td style=\"padding: 10px; color: #000;\">Napole\u00f3n 2 y 3<\/td>\n<\/tr>\n<tr>\n<th style=\"padding: 10px; color: #898989; text-align: left; vertical-align: middle;\">9:00 \u2013 10:30 horas<\/th>\n<td style=\"padding: 10px; color: #898989; text-align: left;\" align=\"left\">\n<p><strong>Segunda Sesi\u00f3n Plenaria: Factores emergentes que est\u00e1n redefiniendo el comercio mundial: oportunidades para Am\u00e9rica Latina y el Caribe en el \u201cAcercamiento de Oferta y Demanda Sustentables\u201d<\/strong><\/p>\n<p>\u00bfC\u00f3mo estos cambios de enfoque en el \u00e1mbito internacional afectan la relaci\u00f3n de Am\u00e9rica Latina y el Caribe con el mundo? \u00bfC\u00f3mo debemos insertarnos en los flujos de comercio mundial? Y \u00bfEn qu\u00e9 sectores existe un gran potencial por aprovechar?<\/p>\n<p>Presidente de la Sesi\u00f3n: Luis Antonio Ram\u00edrez, Presidente de ALIDE &amp; Director General NAFIN\/Bancomext, M\u00e9xico<\/p>\n<p>Panelistas:<\/p>\n<ul>\n<li>Mar\u00eda Jos\u00e9 Naranjo, Vicepresidente de Estrategia Corporativa, Banco de Comercio Exterior de Colombia (BANCOLDEX), Colombia<\/li>\n<li>Nat\u00e1lia Dias, Directora de Mercados de Capitales, Captaci\u00f3n de Fondos y Relaciones con los Inversores, Banco Nacional de Desarrollo Econ\u00f3mico y Social (BNDES), Brasil<\/li>\n<li>Juan Elorza, Director, Divisi\u00f3n de An\u00e1lisis T\u00e9cnico y Sectorial, CAF-Banco de Desarrollo de Am\u00e9rica Latina<\/li>\n<li>Ismael Villanueva, Titular de la Unidad de Emisiones y Relaciones Internacionales, Nafin\/Bancomext, M\u00e9xico<\/li>\n<\/ul>\n<p>Preguntas y respuestas<\/p>\n<\/td>\n<td style=\"padding: 10px; color: #000; vertical-align: middle;\">Napole\u00f3n 6<\/td>\n<\/tr>\n<tr>\n<th style=\"padding: 10px; color: #898989; text-align: left;\">10:30 \u2013 10:45 horas<\/th>\n<td style=\"padding: 10px; color: #898989; text-align: left;\" align=\"left\">\n<p><strong>Finance in Common Summit \u2013 FiCS 2023<\/strong><\/p>\n<p><u>Presentaci\u00f3n<\/u>: Adama Mariko, Secretario General de FiCS<\/p>\n<p><u>Co-organizadores de FiCS<\/u>:<\/p>\n<ul>\n<li>Daniel Fonseca, Jefe de Divisi\u00f3n a.i., Conectividad, Mercados y Finanzas, BID<\/li>\n<li>Mar\u00eda Jos\u00e9 Naranjo, Vicepresidente de Estrategia Corporativa, BANCOLDEX, Colombia<\/li>\n<li>Edgardo Alvarez, Secretario General, ALIDE<\/li>\n<\/ul>\n<\/td>\n<td style=\"padding: 10px; color: #000;\">Napole\u00f3n 6<\/td>\n<\/tr>\n<tr>\n<th style=\"padding: 10px; color: #898989; text-align: left; vertical-align: middle;\">10:45 \u2013 11:15 horas<\/th>\n<td style=\"padding: 10px; color: #898989; text-align: left;\" align=\"left\">\n<p><strong>Presentaci\u00f3n:<\/strong> Plataformas Digitales BID\u2013ALIDE y del \u00cdndice de Sostenibilidad PyME<\/p>\n<ul>\n<li>Enrique Nieto, Consultor General de Operaciones, Divisi\u00f3n de Conectividad, Mercados y Finanzas, BID<\/li>\n<li>Romy Calder\u00f3n, Jefe de Estudios Econ\u00f3micos, ALIDE<\/li>\n<li>Jes\u00fas Gutierrez, Consultor, ALIDE<\/li>\n<\/ul>\n<p><u>Experiencias digitales<\/u>:<\/p>\n<p>CONAFIPS, Ecuador<\/p>\n<\/td>\n<td style=\"padding: 10px; color: #000; vertical-align: middle;\">Napole\u00f3n 6<\/td>\n<\/tr>\n<tr>\n<th style=\"padding: 10px; background-color: #ffed97; color: #898989; text-align: left;\">11:15 \u2013 11:45 horas<\/th>\n<td style=\"padding: 10px; background-color: #ffed97; color: #898989; text-align: left;\" align=\"left\">Caf\u00e9 &amp; Networking<\/td>\n<td style=\"padding: 10px; background-color: #ffed97; color: #000;\">Foyer<\/td>\n<\/tr>\n<tr>\n<th style=\"padding: 10px; color: #898989; text-align: left; vertical-align: middle;\">11:45 \u2013 12:45 horas<\/th>\n<td style=\"padding: 10px; color: #898989;\" align=\"left\">\n<p style=\"text-align: left;\"><strong>Panel:<\/strong> El proceso de enverdecimiento de los BPDs hacia la alineaci\u00f3n al Acuerdo de Par\u00eds. <em>Coordinado por el BID<\/em>.<\/p>\n<ul style=\"text-align: left;\">\n<li><strong>Grupo de Trabajo sobre alineaci\u00f3n de la BPD de ALC al Acuerdo de Par\u00eds.<\/strong><br \/>Vanina Messere, Consultora Equipo Verde, Divisi\u00f3n de Conectividad, Mercados y Finanzas, BID<\/li>\n<\/ul>\n<ul style=\"text-align: left;\">\n<li><strong>Estudio sobre Retos de los BPD en la implementaci\u00f3n de SARAS en operaciones de 2\u00ba. Piso.<\/strong><br \/>Aurea Fuentes, Consultora Equipo ESG, Divisi\u00f3n de Conectividad, Mercados y Finanzas, BID<\/li>\n<\/ul>\n<ul>\n<li style=\"list-style-type: none;\">\n<ul>\n<li style=\"text-align: left;\">Experiencias de la Banca P\u00fablica:\n<ul>\n<li style=\"text-align: left;\">Ivan Cornejo, Director de Organismos Financieros Internacionales, Nafin\/Bancomext, M\u00e9xico<\/li>\n<li style=\"text-align: left;\">Ana Villalta, Directora de Gesti\u00f3n de Fondeo, BANDESAL, El Salvador<\/li>\n<li style=\"text-align: left;\">Leonardo Delbis de Lacerda, Gerente de Tesorer\u00eda, Fondeo y Relaciones con Inversores, BDMG, Brasil<\/li>\n<\/ul>\n<\/li>\n<\/ul>\n<\/li>\n<\/ul>\n<\/td>\n<td style=\"padding: 10px; color: #000000; text-align: center; vertical-align: middle;\">Napole\u00f3n 6<\/td>\n<\/tr>\n<tr>\n<th style=\"padding: 10px; color: #898989; text-align: left; vertical-align: middle;\">12:45 \u2013 13:00 horas<\/th>\n<td style=\"padding: 10px; color: #898989;\" align=\"left\">\n<p style=\"text-align: left;\"><strong>Presentaci\u00f3n:<\/strong> Acreditaci\u00f3n de Bancos Nacionales de Desarrollo ante el Green Climate Fund (GCF)<\/p>\n<p style=\"text-align: left;\">Ronny Su\u00e1rez, Project Manager, Proyecto Readiness GCF \u2013 ALIDE<\/p>\n<\/td>\n<td style=\"padding: 10px; color: #000000; text-align: center; vertical-align: middle;\">Napole\u00f3n 6<\/td>\n<\/tr>\n<tr>\n<th style=\"padding: 10px; background-color: #ffed97; color: #898989; text-align: left;\">13:00 \u2013 14:30 horas<\/th>\n<td style=\"padding: 10px; background-color: #ffed97; color: #898989; text-align: left;\" align=\"left\">Almuerzo<\/td>\n<td style=\"padding: 10px; background-color: #ffed97; color: #000;\">Foyer<\/td>\n<\/tr>\n<tr>\n<th style=\"padding: 10px; color: #898989; text-align: left; vertical-align: middle;\">14:30 \u2013 15:45 horas<\/th>\n<td style=\"padding: 10px; color: #898989; text-align: left;\" align=\"left\">\n<p><strong><em>Workshop<\/em><\/strong><strong>: <\/strong>El mercado de bonos tem\u00e1ticos: una oportunidad como fuente de movilizaci\u00f3n de recursos<\/p>\n<p><u>Moderadora<\/u>: Vanina Messere, Consultora Equipo Verde, Divisi\u00f3n de Conectividad, Mercados y Finanzas, Banco Interamericano de Desarrollo (BID)<\/p>\n<p><u>Panelistas<\/u>:<\/p>\n<ul>\n<li>Christian Schaub, Jefe de Divisi\u00f3n Finanzas Sostenibles y Energ\u00eda, KfW \u2013 Banco de Desarrollo, Alemania<\/li>\n<li>Richard Mart\u00ednez, Vicepresidente Financiero, Financiera de Desarrollo Territorial (FINDETER), Colombia<\/li>\n<li>Edmilson Gama da Silva, Director Financiero, Banco de Desenvolvimento de Minas Gerais (BDMG), Brasil<\/li>\n<li>Brigitt Bencich, Presidenta del Directorio, Corporaci\u00f3n Financiera de Desarrollo (COFIDE), Per\u00fa<\/li>\n<li>Ismael Villanueva, Titular de la Unidad de Emisiones y Relaciones Internacionales, Nafin\/Bancomext, M\u00e9xico<\/li>\n<li>V\u00edctor Hugo Mart\u00ednez, Director de Tesorer\u00eda, Banco Nacional de Obras y Servicios P\u00fablicos (Banobras), M\u00e9xico<\/li>\n<\/ul>\n<\/td>\n<td style=\"padding: 10px; color: #000; vertical-align: middle;\">Napole\u00f3n 6<\/td>\n<\/tr>\n<tr>\n<th style=\"padding: 10px; color: #898989; text-align: left; vertical-align: middle;\">15:45 \u2013 16:30 horas<\/th>\n<td style=\"padding: 10px; color: #898989; text-align: left;\" align=\"left\">\n<p><strong>Panel:<\/strong> Incentivos financieros y tecnol\u00f3gicos para cambiar la tendencia del uso de las remesas familiares del consumo a la producci\u00f3n<\/p>\n<p><u>Presentaci\u00f3n<\/u>: Andr\u00e9s Arauz, Economista y Pol\u00edtico<\/p>\n<p><u>Comentaristas<\/u>:<\/p>\n<ul>\n<li>Maaret Ca\u00f1edo, Oficial Regional de Alianzas Estrat\u00e9gicas, Organizaci\u00f3n Internacional del Trabajo (OIT)<\/li>\n<li>Felipe Chavarr\u00eda, Jefe de Divisi\u00f3n de Encuestas Econ\u00f3micas, Banco Central de Honduras (BCH)<\/li>\n<\/ul>\n<\/td>\n<td style=\"padding: 10px; color: #000; vertical-align: middle;\">Napole\u00f3n 6<\/td>\n<\/tr>\n<tr>\n<th style=\"padding: 10px; background-color: #ffed97; color: #898989; text-align: left;\">16:30 \u2013 17:00 horas<\/th>\n<td style=\"padding: 10px; background-color: #ffed97; color: #898989; text-align: left;\" align=\"left\">Caf\u00e9 &amp; Networking<\/td>\n<td style=\"padding: 10px; background-color: #ffed97; color: #000;\">Foyer<\/td>\n<\/tr>\n<tr>\n<th style=\"padding: 10px; color: #898989; text-align: left; vertical-align: middle;\">17:00 \u2013 18:00 horas<\/th>\n<td style=\"padding: 10px; color: #898989; text-align: left;\" align=\"left\">\n<p><strong>Ceremonia de entrega Premios ALIDE 2023<\/strong><\/p>\n<ul>\n<li>Premios \u201cBuenas Pr\u00e1cticas en Banca de Desarrollo\u201d<\/li>\n<li>Banco del A\u00f1o<\/li>\n<\/ul>\n<\/td>\n<td style=\"padding: 10px; color: #000; vertical-align: middle;\">Napole\u00f3n 6<\/td>\n<\/tr>\n<\/tbody>\n<\/table>\n<table>\n<thead>\n<tr>\n<th style=\"padding: 10px; background-color: #007f8e; color: #fff; text-align: center;\" scope=\"col\" width=\"88\">\u00a0<\/th>\n<th style=\"padding: 10px; background-color: #007f8e; color: #fff; text-align: center;\" scope=\"col\" width=\"286\">Viernes, 2 de junio 2023<\/th>\n<th style=\"padding: 10px; background-color: #dddddd; color: #000; text-align: center;\" scope=\"col\" width=\"96\">Hotel Copantl Salones<\/th>\n<\/tr>\n<\/thead>\n<tbody>\n<tr>\n<th style=\"padding: 10px; color: #898989; text-align: left;\">9:00 \u2013 13:00 horas<\/th>\n<td style=\"padding: 10px; color: #898989; text-align: left;\" align=\"left\">Entrevistas Bilaterales<\/td>\n<td style=\"padding: 10px; color: #000;\">Napole\u00f3n 2 y 3<\/td>\n<\/tr>\n<tr>\n<th style=\"padding: 10px; color: #898989; text-align: left; vertical-align: middle;\">9:00 \u2013 9:30 horas<\/th>\n<td style=\"padding: 10px; color: #898989; text-align: left;\" align=\"left\">\n<p><strong>Presentaci\u00f3n: <\/strong>Digitalizaci\u00f3n e inteligencia artificial en la banca de desarrollo<\/p>\n<p>El\u00edas Bethancourt, Director Comercial para Am\u00e9rica Latina, AIS Group \u2013 Aplicaciones de inteligencia artificial<\/p>\n<\/td>\n<td style=\"padding: 10px; color: #000; vertical-align: middle;\">Napole\u00f3n 6<\/td>\n<\/tr>\n<tr>\n<th style=\"padding: 10px; color: #898989; text-align: left; vertical-align: middle;\">9:30 \u2013 11:30 horas<\/th>\n<td style=\"padding: 10px; color: #898989; text-align: left;\" align=\"left\">\n<p><strong>Sesi\u00f3n de Asuntos Institucionales<\/strong><\/p>\n<ul>\n<li>Memoria y Estados Financieros al 31 de diciembre de 2022<\/li>\n<li>Programa de Trabajo 2023-2024<\/li>\n<li>Presupuesto 2023<\/li>\n<li>Elecci\u00f3n del Consejo Directivo 2023-2025<\/li>\n<li>Sede de la pr\u00f3xima Asamblea General 2024<\/li>\n<li>Otros asuntos<\/li>\n<\/ul>\n<\/td>\n<td style=\"padding: 10px; color: #000; vertical-align: middle;\">Napole\u00f3n 6<\/td>\n<\/tr>\n<tr>\n<th style=\"padding: 10px; background-color: #ffed97; color: #898989; text-align: left;\">11:30 \u2013 12:00 horas<\/th>\n<td style=\"padding: 10px; background-color: #ffed97; color: #898989; text-align: left;\" align=\"left\">Caf\u00e9 &amp; Networking<\/td>\n<td style=\"padding: 10px; background-color: #ffed97; color: #000;\">Foyer<\/td>\n<\/tr>\n<tr>\n<th style=\"padding: 10px; color: #898989; text-align: left; vertical-align: middle;\">12:00 \u2013 13:30 horas<\/th>\n<td style=\"padding: 10px; color: #898989; text-align: left;\" align=\"left\">\n<p><strong>Tercera Sesi\u00f3n Plenaria: Financiamiento de la infraestructura como soporte de la competitividad de la regi\u00f3n en el mundo, la importancia de las Asociaciones P\u00fablico-Privadas.<\/strong><\/p>\n<p>\u00bfC\u00f3mo competimos con otras regiones en la atracci\u00f3n de inversiones para proyectos de infraestructura? \u00bfC\u00f3mo nos involucramos en estas iniciativas regionales, globales para sentar un lugar en el comercio mundial, y c\u00f3mo llegamos a ser potenciales proveedores de industrias de bienes con mayor intensidad tecnol\u00f3gica? En materia de financiamiento \u00bfqu\u00e9 rol est\u00e1n desempe\u00f1ando los bancos multilaterales y los inversionistas globales para disminuir la brecha de inversiones?<\/p>\n<p><u>Presidente de la Sesi\u00f3n<\/u>: Daniel Fonseca, Jefe de Divisi\u00f3n a.i., Conectividad, Mercados y Finanzas, Banco Interamericano de Desarrollo (BID)<\/p>\n<p><u>Panelistas<\/u>:<\/p>\n<ul>\n<li>Richard Mart\u00ednez, Vicepresidente Financiero, Financiera de Desarrollo Territorial (FINDETER), Colombia<\/li>\n<li>Alexandra Almeida, Oficial de Pr\u00e9stamos Senior, Banco Europeo de Inversiones (BEI)<\/li>\n<li>Adama Mariko, Secretario General de FiCS, Agencia Francesa de Desarrollo (AFD)<\/li>\n<li>Mar\u00eda Mercedes Gonz\u00e1lez, Gerente de Proyectos de APPs, Banco Centroamericano de la Integraci\u00f3n Econ\u00f3mica (BCIE)<\/li>\n<li>Gonzalo Martinez, Especialista Senior Financiero, Banco Mundial<\/li>\n<li>C\u00e9sar Vargas, Coordinador del \u00e1rea de estructuraci\u00f3n para la financiaci\u00f3n, CAF-Banco de Desarrollo de Am\u00e9rica Latina<\/li>\n<\/ul>\n<p>Preguntas y respuestas<\/p>\n<\/td>\n<td style=\"padding: 10px; color: #000; vertical-align: middle;\">Napole\u00f3n 6<\/td>\n<\/tr>\n<tr>\n<th style=\"padding: 10px; color: #898989; text-align: left; vertical-align: middle;\">13:30 \u2013 13:50 horas<\/th>\n<td style=\"padding: 10px; color: #898989; text-align: left;\" align=\"left\">\n<p><strong><u>Sesi\u00f3n de Clausura<\/u><\/strong><\/p>\n<ul>\n<li>Conclusiones de la reuni\u00f3n: Romy Calder\u00f3n, Jefe de Estudios Econ\u00f3micos, ALIDE<\/li>\n<li>Declaraci\u00f3n de Honduras: Edgardo Alvarez, Secretario General, ALIDE<\/li>\n<li>Voto de agradecimiento<\/li>\n<li>Palabras del Presidente de ALIDE, Luis Antonio Ram\u00edrez<\/li>\n<li>Palabras del Presidente de la Asamblea, Edwin Araque<\/li>\n<\/ul>\n<\/td>\n<td style=\"padding: 10px; color: #000; vertical-align: middle;\">Napole\u00f3n 6<\/td>\n<\/tr>\n<tr>\n<th style=\"padding: 10px; background-color: #ffed97; color: #898989; text-align: left;\">13:50 horas<\/th>\n<td style=\"padding: 10px; background-color: #ffed97; color: #898989; text-align: left;\" align=\"left\">C\u00f3ctel de clausura<\/td>\n<td style=\"padding: 10px; background-color: #ffed97; color: #000;\">Napole\u00f3n 7<\/td>\n<\/tr>\n<\/tbody>\n<\/table>\n<p>\t\t\t\t\t\t\t\t\t\t\t\t\t\t\t<img decoding=\"async\" width=\"1024\" height=\"28\" src=\"https:\/\/asambleaalide.org\/Asambleas\/alide_53\/wp-content\/uploads\/2023\/02\/rect552-1024x28.png\" alt=\"\" loading=\"lazy\" srcset=\"https:\/\/asambleaalide.org\/Asambleas\/alide_53\/wp-content\/uploads\/2023\/02\/rect552-1024x28.png 1024w, https:\/\/asambleaalide.org\/Asambleas\/alide_53\/wp-content\/uploads\/2023\/02\/rect552-300x8.png 300w, https:\/\/asambleaalide.org\/Asambleas\/alide_53\/wp-content\/uploads\/2023\/02\/rect552-768x21.png 768w, https:\/\/asambleaalide.org\/Asambleas\/alide_53\/wp-content\/uploads\/2023\/02\/rect552-1536x42.png 1536w, https:\/\/asambleaalide.org\/Asambleas\/alide_53\/wp-content\/uploads\/2023\/02\/rect552-2048x56.png 2048w\" sizes=\"(max-width: 1024px) 100vw, 1024px\" \/><br \/>\n\t\t\t\t\t\t\t\t\t\t\t\t\t\t\t<img decoding=\"async\" width=\"1024\" height=\"28\" src=\"https:\/\/asambleaalide.org\/Asambleas\/alide_53\/wp-content\/uploads\/2023\/02\/rect552-1024x28.png\" alt=\"\" loading=\"lazy\" srcset=\"https:\/\/asambleaalide.org\/Asambleas\/alide_53\/wp-content\/uploads\/2023\/02\/rect552-1024x28.png 1024w, https:\/\/asambleaalide.org\/Asambleas\/alide_53\/wp-content\/uploads\/2023\/02\/rect552-300x8.png 300w, https:\/\/asambleaalide.org\/Asambleas\/alide_53\/wp-content\/uploads\/2023\/02\/rect552-768x21.png 768w, https:\/\/asambleaalide.org\/Asambleas\/alide_53\/wp-content\/uploads\/2023\/02\/rect552-1536x42.png 1536w, https:\/\/asambleaalide.org\/Asambleas\/alide_53\/wp-content\/uploads\/2023\/02\/rect552-2048x56.png 2048w\" sizes=\"(max-width: 1024px) 100vw, 1024px\" \/><br \/>\n\t\t\t\t\t\t\t\t\t\t\t\t\t\t\t<img decoding=\"async\" width=\"1024\" height=\"339\" src=\"https:\/\/asambleaalide.org\/Asambleas\/alide_53\/wp-content\/uploads\/2023\/04\/logo-esp-1-1024x339.png\" alt=\"\" loading=\"lazy\" srcset=\"https:\/\/asambleaalide.org\/Asambleas\/alide_53\/wp-content\/uploads\/2023\/04\/logo-esp-1-1024x339.png 1024w, https:\/\/asambleaalide.org\/Asambleas\/alide_53\/wp-content\/uploads\/2023\/04\/logo-esp-1-300x99.png 300w, https:\/\/asambleaalide.org\/Asambleas\/alide_53\/wp-content\/uploads\/2023\/04\/logo-esp-1-768x254.png 768w, https:\/\/asambleaalide.org\/Asambleas\/alide_53\/wp-content\/uploads\/2023\/04\/logo-esp-1.png 1500w\" sizes=\"(max-width: 1024px) 100vw, 1024px\" \/><br \/>\n\t\t\t<strong>LUGAR Y FECHA<\/strong><\/p>\n<p>COPANTL Hotel &amp; Convention Center<br \/>\nResidencial Los Arcos, Blvr. del Sur 21104,<br \/>\nSan Pedro Sula, Honduras<br \/>\n<a href=\"https:\/\/copantl.com\/\">www.copantl.com<\/a><br \/>Mi\u00e9rcoles 31 de mayo al viernes 2 de junio del 2023<br \/>\n<strong>CONTACTO<\/strong><BR\/><BR\/><br \/>\nALIDE<BR\/><br \/>\n<strong>Marlene Zamora<\/strong><BR\/><br \/>\nJefe, Unidad de Conferencias<BR\/><br \/>\nCelular\/WhatsApp: (+51) 980421324<BR\/><br \/>\nE-mail:\u00a0<a style=\"color: #000;\" href=\"mailto:mzamora@alide.org\">mzamora@alide.org<\/a>\u00a0 \u00a0\/\u00a0 \u00a0<a style=\"color: #000;\" href=\"http:\/\/www.alide.org\">www.alide.org<\/a><br \/>\n\t\t\t\t\t<a href=\"https:\/\/www.facebook.com\/alideoficial\/\" target=\"_blank\" rel=\"noopener\"><br \/>\n\t\t\t\t\t\tFacebook<br \/>\n\t\t\t\t\t\t\t\t\t\t\t<\/a><br \/>\n\t\t\t\t\t<a href=\"https:\/\/twitter.com\/_ALIDE_\" target=\"_blank\" rel=\"noopener\"><br \/>\n\t\t\t\t\t\tTwitter<br \/>\n\t\t\t\t\t\t\t\t\t\t\t<\/a><br \/>\n\t\t\t\t\t<a href=\"https:\/\/www.youtube.com\/user\/ALIDEVIDEOS\" target=\"_blank\" rel=\"noopener\"><br \/>\n\t\t\t\t\t\tYoutube<br \/>\n\t\t\t\t\t\t\t\t\t\t\t<\/a><br \/>\n\t\t\t\t\t<a href=\"https:\/\/www.linkedin.com\/company\/alide---asociaci-n-latinoamericana-de-instituciones-financieras-para-el-desarrollo?trk=fc_badge&#038;original_referer=\" target=\"_blank\" rel=\"noopener\"><br \/>\n\t\t\t\t\t\tLinkedin<br \/>\n\t\t\t\t\t\t\t\t\t\t\t<\/a><\/p>\n","protected":false},"excerpt":{"rendered":"<p>PROGRAMA Inicio \/ Programa PROGRAMA PRELIMINAR Tema Central: Desarrollando el Potencial Intr\u00ednseco de Am\u00e9rica Latina y del Caribe frente al Mundo: papel y desaf\u00edos de la banca de desarrollo (COPANTL Hotel &amp; Convention Center, del 31 de mayo al 2 de junio 2023) Martes, 30 de mayo 2023 Mi\u00e9rcoles, 31 de [&hellip;]<\/p>\n","protected":false},"author":2,"featured_media":0,"parent":0,"menu_order":0,"comment_status":"closed","ping_status":"closed","template":"elementor_header_footer","meta":[],"translation":{"provider":"WPGlobus","version":"2.10.10","language":"es","enabled_languages":["es","en"],"languages":{"es":{"title":true,"content":true,"excerpt":false},"en":{"title":true,"content":true,"excerpt":false}}},"yoast_head":"<!-- This site is optimized with the Yoast SEO plugin v19.3 - https:\/\/yoast.com\/wordpress\/plugins\/seo\/ -->\n<title>PROGRAMA - ALIDE 53<\/title>\n<meta name=\"robots\" content=\"index, follow, max-snippet:-1, max-image-preview:large, max-video-preview:-1\" \/>\n<link rel=\"canonical\" href=\"https:\/\/asambleaalide.org\/Asambleas\/alide_53\/programas\/\" \/>\n<meta property=\"og:locale\" content=\"es_ES\" \/>\n<meta property=\"og:type\" content=\"article\" \/>\n<meta property=\"og:title\" content=\"PROGRAMA - ALIDE 53\" \/>\n<meta property=\"og:url\" content=\"https:\/\/asambleaalide.org\/Asambleas\/alide_53\/programas\/\" \/>\n<meta property=\"og:site_name\" content=\"ALIDE 53\" \/>\n<meta property=\"article:modified_time\" content=\"2023-06-01T02:24:08+00:00\" \/>\n<meta property=\"og:image\" content=\"https:\/\/asambleaalide.org\/Asambleas\/alide_53\/wp-content\/uploads\/2023\/02\/rect552-1024x28.png\" \/>\n<meta name=\"twitter:card\" content=\"summary_large_image\" \/>\n<meta name=\"twitter:label1\" content=\"Tiempo de lectura\" \/>\n\t<meta name=\"twitter:data1\" content=\"9 minutos\" \/>\n<script type=\"application\/ld+json\" class=\"yoast-schema-graph\">{\"@context\":\"https:\/\/schema.org\",\"@graph\":[{\"@type\":\"WebSite\",\"@id\":\"https:\/\/asambleaalide.org\/Asambleas\/alide_53\/#website\",\"url\":\"https:\/\/asambleaalide.org\/Asambleas\/alide_53\/\",\"name\":\"ALIDE 53\",\"description\":\"ALIDE 53\",\"potentialAction\":[{\"@type\":\"SearchAction\",\"target\":{\"@type\":\"EntryPoint\",\"urlTemplate\":\"https:\/\/asambleaalide.org\/Asambleas\/alide_53\/?s={search_term_string}\"},\"query-input\":\"required name=search_term_string\"}],\"inLanguage\":\"es\"},{\"@type\":\"ImageObject\",\"inLanguage\":\"es\",\"@id\":\"https:\/\/asambleaalide.org\/Asambleas\/alide_53\/programas\/#primaryimage\",\"url\":\"https:\/\/asambleaalide.org\/Asambleas\/alide_53\/wp-content\/uploads\/2023\/02\/rect552.png\",\"contentUrl\":\"https:\/\/asambleaalide.org\/Asambleas\/alide_53\/wp-content\/uploads\/2023\/02\/rect552.png\",\"width\":7384,\"height\":202},{\"@type\":\"WebPage\",\"@id\":\"https:\/\/asambleaalide.org\/Asambleas\/alide_53\/programas\/\",\"url\":\"https:\/\/asambleaalide.org\/Asambleas\/alide_53\/programas\/\",\"name\":\"PROGRAMA - ALIDE 53\",\"isPartOf\":{\"@id\":\"https:\/\/asambleaalide.org\/Asambleas\/alide_53\/#website\"},\"primaryImageOfPage\":{\"@id\":\"https:\/\/asambleaalide.org\/Asambleas\/alide_53\/programas\/#primaryimage\"},\"datePublished\":\"2022-07-23T16:14:40+00:00\",\"dateModified\":\"2023-06-01T02:24:08+00:00\",\"breadcrumb\":{\"@id\":\"https:\/\/asambleaalide.org\/Asambleas\/alide_53\/programas\/#breadcrumb\"},\"inLanguage\":\"es\",\"potentialAction\":[{\"@type\":\"ReadAction\",\"target\":[\"https:\/\/asambleaalide.org\/Asambleas\/alide_53\/programas\/\"]}]},{\"@type\":\"BreadcrumbList\",\"@id\":\"https:\/\/asambleaalide.org\/Asambleas\/alide_53\/programas\/#breadcrumb\",\"itemListElement\":[{\"@type\":\"ListItem\",\"position\":1,\"name\":\"Portada\",\"item\":\"https:\/\/asambleaalide.org\/Asambleas\/alide_53\/\"},{\"@type\":\"ListItem\",\"position\":2,\"name\":\"PROGRAMA\"}]}]}<\/script>\n<!-- \/ Yoast SEO plugin. -->","yoast_head_json":{"title":"PROGRAMA - ALIDE 53","robots":{"index":"index","follow":"follow","max-snippet":"max-snippet:-1","max-image-preview":"max-image-preview:large","max-video-preview":"max-video-preview:-1"},"canonical":"https:\/\/asambleaalide.org\/Asambleas\/alide_53\/programas\/","og_locale":"es_ES","og_type":"article","og_title":"PROGRAMA - ALIDE 53","og_url":"https:\/\/asambleaalide.org\/Asambleas\/alide_53\/programas\/","og_site_name":"ALIDE 53","article_modified_time":"2023-06-01T02:24:08+00:00","og_image":[{"url":"https:\/\/asambleaalide.org\/Asambleas\/alide_53\/wp-content\/uploads\/2023\/02\/rect552-1024x28.png"}],"twitter_card":"summary_large_image","twitter_misc":{"Tiempo de lectura":"9 minutos"},"schema":{"@context":"https:\/\/schema.org","@graph":[{"@type":"WebSite","@id":"https:\/\/asambleaalide.org\/Asambleas\/alide_53\/#website","url":"https:\/\/asambleaalide.org\/Asambleas\/alide_53\/","name":"ALIDE 53","description":"ALIDE 53","potentialAction":[{"@type":"SearchAction","target":{"@type":"EntryPoint","urlTemplate":"https:\/\/asambleaalide.org\/Asambleas\/alide_53\/?s={search_term_string}"},"query-input":"required name=search_term_string"}],"inLanguage":"es"},{"@type":"ImageObject","inLanguage":"es","@id":"https:\/\/asambleaalide.org\/Asambleas\/alide_53\/programas\/#primaryimage","url":"https:\/\/asambleaalide.org\/Asambleas\/alide_53\/wp-content\/uploads\/2023\/02\/rect552.png","contentUrl":"https:\/\/asambleaalide.org\/Asambleas\/alide_53\/wp-content\/uploads\/2023\/02\/rect552.png","width":7384,"height":202},{"@type":"WebPage","@id":"https:\/\/asambleaalide.org\/Asambleas\/alide_53\/programas\/","url":"https:\/\/asambleaalide.org\/Asambleas\/alide_53\/programas\/","name":"PROGRAMA - ALIDE 53","isPartOf":{"@id":"https:\/\/asambleaalide.org\/Asambleas\/alide_53\/#website"},"primaryImageOfPage":{"@id":"https:\/\/asambleaalide.org\/Asambleas\/alide_53\/programas\/#primaryimage"},"datePublished":"2022-07-23T16:14:40+00:00","dateModified":"2023-06-01T02:24:08+00:00","breadcrumb":{"@id":"https:\/\/asambleaalide.org\/Asambleas\/alide_53\/programas\/#breadcrumb"},"inLanguage":"es","potentialAction":[{"@type":"ReadAction","target":["https:\/\/asambleaalide.org\/Asambleas\/alide_53\/programas\/"]}]},{"@type":"BreadcrumbList","@id":"https:\/\/asambleaalide.org\/Asambleas\/alide_53\/programas\/#breadcrumb","itemListElement":[{"@type":"ListItem","position":1,"name":"Portada","item":"https:\/\/asambleaalide.org\/Asambleas\/alide_53\/"},{"@type":"ListItem","position":2,"name":"PROGRAMA"}]}]}},"_links":{"self":[{"href":"https:\/\/asambleaalide.org\/Asambleas\/alide_53\/wp-json\/wp\/v2\/pages\/4255"}],"collection":[{"href":"https:\/\/asambleaalide.org\/Asambleas\/alide_53\/wp-json\/wp\/v2\/pages"}],"about":[{"href":"https:\/\/asambleaalide.org\/Asambleas\/alide_53\/wp-json\/wp\/v2\/types\/page"}],"author":[{"embeddable":true,"href":"https:\/\/asambleaalide.org\/Asambleas\/alide_53\/wp-json\/wp\/v2\/users\/2"}],"replies":[{"embeddable":true,"href":"https:\/\/asambleaalide.org\/Asambleas\/alide_53\/wp-json\/wp\/v2\/comments?post=4255"}],"version-history":[{"count":390,"href":"https:\/\/asambleaalide.org\/Asambleas\/alide_53\/wp-json\/wp\/v2\/pages\/4255\/revisions"}],"predecessor-version":[{"id":6524,"href":"https:\/\/asambleaalide.org\/Asambleas\/alide_53\/wp-json\/wp\/v2\/pages\/4255\/revisions\/6524"}],"wp:attachment":[{"href":"https:\/\/asambleaalide.org\/Asambleas\/alide_53\/wp-json\/wp\/v2\/media?parent=4255"}],"curies":[{"name":"wp","href":"https:\/\/api.w.org\/{rel}","templated":true}]}}