{"id":5836,"date":"2023-04-05T10:57:41","date_gmt":"2023-04-05T15:57:41","guid":{"rendered":"https:\/\/asambleaalide.org\/Asambleas\/alide_53\/?page_id=5836"},"modified":"2023-05-24T17:10:26","modified_gmt":"2023-05-24T22:10:26","slug":"informacion-general","status":"publish","type":"page","link":"https:\/\/asambleaalide.org\/Asambleas\/alide_53\/informacion-general\/","title":{"rendered":"INFORMACION GENERAL"},"content":{"rendered":"<h2>INFORMACI\u00d3N GENERAL<\/h2>\n<p style=\"text-align: rigth;\"><a href=\"https:\/\/asambleaalide.org\/Asambleas\/alide_53\/\">Inicio <\/a> \/ Informaci\u00f3n general<\/p>\n<h2>HONDURAS<\/h2>\n<p>La Rep\u00fablica de Honduras, es un pa\u00eds de Am\u00e9rica Central con costas en el mar Caribe al norte y en el oc\u00e9ano Pac\u00edfico al sur; y una de sus ciudades m\u00e1s grandes es San Pedro Sula, sede de las empresas industriales m\u00e1s importantes del pa\u00eds, por lo que tambi\u00e9n es conocida como la capital industrial.<\/p>\n<p>\t\t\t\t\t\t\t\t\t\t\t\t\t\t\t<img decoding=\"async\" width=\"645\" height=\"430\" src=\"https:\/\/asambleaalide.org\/Asambleas\/alide_53\/wp-content\/uploads\/2023\/04\/202868_5f354551cf02a.jpg\" alt=\"\" loading=\"lazy\" srcset=\"https:\/\/asambleaalide.org\/Asambleas\/alide_53\/wp-content\/uploads\/2023\/04\/202868_5f354551cf02a.jpg 645w, https:\/\/asambleaalide.org\/Asambleas\/alide_53\/wp-content\/uploads\/2023\/04\/202868_5f354551cf02a-300x200.jpg 300w, https:\/\/asambleaalide.org\/Asambleas\/alide_53\/wp-content\/uploads\/2023\/04\/202868_5f354551cf02a-370x247.jpg 370w\" sizes=\"(max-width: 645px) 100vw, 645px\" \/><br \/>\n\t\t\t\t\t\t\t\t\t\t\t\t\t\t\t<img decoding=\"async\" width=\"550\" height=\"390\" src=\"https:\/\/asambleaalide.org\/Asambleas\/alide_53\/wp-content\/uploads\/2023\/04\/catedral-san-pedro-apostol.jpg\" alt=\"\" loading=\"lazy\" srcset=\"https:\/\/asambleaalide.org\/Asambleas\/alide_53\/wp-content\/uploads\/2023\/04\/catedral-san-pedro-apostol.jpg 550w, https:\/\/asambleaalide.org\/Asambleas\/alide_53\/wp-content\/uploads\/2023\/04\/catedral-san-pedro-apostol-300x213.jpg 300w\" sizes=\"(max-width: 550px) 100vw, 550px\" \/>\t\t\t\t\t\t\t\t\t\t\t\t\t\t\t<\/p>\n<h2>SAN PEDRO SULA<\/h2>\n<p>Esta ciudad continua su avanzado desarrollo comercial y de servicios no s\u00f3lo de negocios, sino tambi\u00e9n m\u00e9dicos. Sus centros comerciales, hoteles, restaurantes, bancos, edificios para call centers y consultorios m\u00e9dicos destacan en su infraestructura. San Pedro Sula tambi\u00e9n destaca por sus instalaciones deportivas y recreativas. Todos estos puntos la hacen una ciudad atractiva no s\u00f3lo para el turismo de diversi\u00f3n, sino tambi\u00e9n para el de negocios, deportivo y m\u00e9dico.<\/p>\n<h2>TRANSPORTE<\/h2>\n<p>\t\t\t\t\t\t\t\t\t\t\t\t\t\t\t<img decoding=\"async\" width=\"2560\" height=\"1707\" src=\"https:\/\/asambleaalide.org\/Asambleas\/alide_53\/wp-content\/uploads\/2023\/04\/adultos-jovenes-que-viajan-invierno-scaled.jpg\" alt=\"\" loading=\"lazy\" srcset=\"https:\/\/asambleaalide.org\/Asambleas\/alide_53\/wp-content\/uploads\/2023\/04\/adultos-jovenes-que-viajan-invierno-scaled.jpg 2560w, https:\/\/asambleaalide.org\/Asambleas\/alide_53\/wp-content\/uploads\/2023\/04\/adultos-jovenes-que-viajan-invierno-300x200.jpg 300w, https:\/\/asambleaalide.org\/Asambleas\/alide_53\/wp-content\/uploads\/2023\/04\/adultos-jovenes-que-viajan-invierno-1024x683.jpg 1024w, https:\/\/asambleaalide.org\/Asambleas\/alide_53\/wp-content\/uploads\/2023\/04\/adultos-jovenes-que-viajan-invierno-768x512.jpg 768w, https:\/\/asambleaalide.org\/Asambleas\/alide_53\/wp-content\/uploads\/2023\/04\/adultos-jovenes-que-viajan-invierno-1536x1024.jpg 1536w, https:\/\/asambleaalide.org\/Asambleas\/alide_53\/wp-content\/uploads\/2023\/04\/adultos-jovenes-que-viajan-invierno-2048x1365.jpg 2048w, https:\/\/asambleaalide.org\/Asambleas\/alide_53\/wp-content\/uploads\/2023\/04\/adultos-jovenes-que-viajan-invierno-370x247.jpg 370w\" sizes=\"(max-width: 2560px) 100vw, 2560px\" \/>\t\t\t\t\t\t\t\t\t\t\t\t\t\t\t<\/p>\n<p>A su llegada a San Pedro Sula, los participantes dispondr\u00e1n de un servicio de\u00a0<b><u>transporte de cortes\u00eda<\/u><\/b><u>\u00a0<\/u>del Aeropuerto Internacional Ram\u00f3n Villeda Morales al hotel sede COPANTL y viceversa, que funcionar\u00e1 a partir del:\u00a0<b>29 de mayo al 3 de junio.\u00a0\u00a0<\/b>Por lo tanto, es indispensable que se comunique la fecha, aerol\u00ednea, n\u00famero de vuelo y hora de llegada y salida en el Formulario de Inscripci\u00f3n o se remita por correo electr\u00f3nico a la atenci\u00f3n de Marlene Zamora,\u00a0<a style=\"color: #0000ff; text-decoration: underline;\" href=\"mailto:mzamora@alide.org\" target=\"_blank\" rel=\"noopener\">mzamora@alide.org<\/a><\/p>\n<p>No obstante, para aquellos participantes que requieran un transporte particular, compartimos como referencia una relaci\u00f3n de compa\u00f1\u00edas de taxi\/renta de autos oficiales que operan servicio de transporte al aeropuerto.<\/p>\n<p>Datos de contacto, revisar el <a style=\"color: #0000ff; text-decoration: underline;\" href=\"https:\/\/asambleaalide.org\/Asambleas\/alide_53\/wp-content\/uploads\/2023\/05\/Trip-Planning-a-Honduras_ALIDE-53.pdf\">Trip Planning<\/a><\/p>\n<h3>\n\t\t\t\t\t\tTaxis Ejecutivos<br \/>\n\t\t\t\t<\/h3>\n<p>\n\t\t\t\t\t\t(Taxi VIP)\t\t\t\t\t<\/p>\n<h3>\n\t\t\t\t\t\tACOTAXU<br \/>\n\t\t\t\t<\/h3>\n<p>\n\t\t\t\t\t\t(Taxi VIP)\t\t\t\t\t<\/p>\n<h3>\n\t\t\t\t\t\tExplorer Rent a Car<br \/>\n\t\t\t\t<\/h3>\n<p>\n\t\t\t\t\t\t(Alquiler de autos)\t\t\t\t\t<\/p>\n<h3>\n\t\t\t\t\t\tGIT S DE R.L.<br \/>\n\t\t\t\t<\/h3>\n<p>\n\t\t\t\t\t\t(Turismo\/Camionetas)\t\t\t\t\t<\/p>\n<h2>AEROPUERTO<\/h2>\n<p>\t\t\t\t\t\t\t\t\t\t\t\t\t\t\t<img decoding=\"async\" width=\"720\" height=\"480\" src=\"https:\/\/asambleaalide.org\/Asambleas\/alide_53\/wp-content\/uploads\/2023\/04\/aeropuerto-Ramon-villeda-morales-1.jpg\" alt=\"\" loading=\"lazy\" srcset=\"https:\/\/asambleaalide.org\/Asambleas\/alide_53\/wp-content\/uploads\/2023\/04\/aeropuerto-Ramon-villeda-morales-1.jpg 720w, https:\/\/asambleaalide.org\/Asambleas\/alide_53\/wp-content\/uploads\/2023\/04\/aeropuerto-Ramon-villeda-morales-1-300x200.jpg 300w, https:\/\/asambleaalide.org\/Asambleas\/alide_53\/wp-content\/uploads\/2023\/04\/aeropuerto-Ramon-villeda-morales-1-370x247.jpg 370w\" sizes=\"(max-width: 720px) 100vw, 720px\" \/>\t\t\t\t\t\t\t\t\t\t\t\t\t\t\t<\/p>\n<p>Ubicado en el coraz\u00f3n del Valle de Sula, la zona m\u00e1s productiva del pa\u00eds.<\/p>\n<p>El <strong>Aeropuerto Ram\u00f3n Villeda Morales<\/strong> de San Pedro Sula, es el m\u00e1s grande de la zona norte y el m\u00e1s importante de Honduras.<\/p>\n<p>El actual Aeropuerto Internacional Ram\u00f3n Villeda Morales est\u00e1 ubicado a 20 kms. de la ciudad de San Pedro Sula, ciudad industrial m\u00e1s activa del pa\u00eds.<\/p>\n<p><a style=\"color: #0000ff; text-decoration: underline;\" href=\"https:\/\/ehisa.hn\/aeropuerto-ramon-villeda-morales\/\">https:\/\/ehisa.hn\/aeropuerto-ramon-villeda-morales\/<\/a>.<\/p>\n<p>\t\t\t\t\t\t\t\t\t\t\t\t\t\t\t<img decoding=\"async\" width=\"490\" height=\"480\" src=\"https:\/\/asambleaalide.org\/Asambleas\/alide_53\/wp-content\/uploads\/2023\/04\/TOY.jpg\" alt=\"\" loading=\"lazy\" srcset=\"https:\/\/asambleaalide.org\/Asambleas\/alide_53\/wp-content\/uploads\/2023\/04\/TOY.jpg 490w, https:\/\/asambleaalide.org\/Asambleas\/alide_53\/wp-content\/uploads\/2023\/04\/TOY-300x294.jpg 300w\" sizes=\"(max-width: 490px) 100vw, 490px\" \/><br \/>\n\t\t\t\t\t\t\t\t\tMONEDAS<br \/>\n\t\t\t\t\t\t\t\t\tVESTIMENTA<br \/>\n\t\t\t\t\t\t\t\t\tIDIOMAS DE LA REUNI\u00d3N<br \/>\n\t\t\t\t\t\t\t\t\tDOCUMENTACI\u00d3N<br \/>\n\t\t\t\t\t\t\t\t\tMONEDAS<\/p>\n<p>La moneda que se utiliza en Honduras es el Lempira (L).\u00a0 Se pueden cambiar d\u00f3lares y euros, en menor medida, en algunos comercios (bancos y hoteles reciben ambas divisas).<\/p>\n<p>El tipo de cambio del Lempira est\u00e1 vinculado al del d\u00f3lar estadounidense a un precio promedio de 1 USD = L.24.57, y var\u00eda de acuerdo con lo que fija diariamente el Banco Central de Honduras, <a style=\"color: #0000ff;\" href=\"https:\/\/www.bch.hn\/\">https:\/\/www.bch.hn\/<\/a>.<\/p>\n<p>\t\t\t\t\t\t\t\t\tVESTIMENTA<\/p>\n<p>Se recomienda un vestuario liviano y c\u00f3modo. El c\u00f3digo de vestimenta durante la reuni\u00f3n de la Asamblea de ALIDE y los actos sociales es <em>business casual<\/em>.<\/p>\n<p>\t\t\t\t\t\t\t\t\tIDIOMAS DE LA REUNI\u00d3N<\/p>\n<p>Los idiomas oficiales de la reuni\u00f3n son el espa\u00f1ol e ingl\u00e9s.\u00a0 En las sesiones plenarias habr\u00e1 interpretaci\u00f3n simult\u00e1nea en dichos idiomas.<\/p>\n<p>\u00a0<\/p>\n<p>\t\t\t\t\t\t\t\t\tDOCUMENTACI\u00d3N<\/p>\n<p>Las presentaciones de los expositores, la lista final de participantes y el informe con las conclusiones de la reuni\u00f3n, se publicar\u00e1n en la p\u00e1gina web de ALIDE:<\/p>\n<p><a style=\"color: #0000ff;\" href=\"http:\/\/www.alide.org\">www.alide.org<\/a><\/p>\n<h2>DATOS \u00daTILES<\/h2>\n<figure><img decoding=\"async\" width=\"512\" height=\"512\" src=\"https:\/\/asambleaalide.org\/Asambleas\/alide_53\/wp-content\/uploads\/2023\/04\/tarjeta-de-debito.png\" alt=\"\" loading=\"lazy\" \/><\/figure>\n<h3>Tarjetas de cr\u00e9dito<\/h3>\n<p> Se pueden usar tarjetas de cr\u00e9dito y d\u00e9bito Visa, M\u00e1ster Card y American Express en muchos lugares, y hay redes de cajeros con bastante cobertura a nivel nacional.<\/p>\n<figure><img decoding=\"async\" width=\"512\" height=\"512\" src=\"https:\/\/asambleaalide.org\/Asambleas\/alide_53\/wp-content\/uploads\/2023\/04\/electricidad.png\" alt=\"\" loading=\"lazy\" \/><\/figure>\n<h3>Electricidad<\/h3>\n<p>Las tomas de corriente est\u00e1ndar en San Pedro Sula suministran 110 voltios a 60Hz. Los tipos de enchufes est\u00e1ndar son los de alimentaci\u00f3n tipo A y B. Favor verificar que sus equipos cumplan con esta energ\u00eda de lo contrario prever un adaptador.<\/p>\n<figure><img decoding=\"async\" width=\"512\" height=\"512\" src=\"https:\/\/asambleaalide.org\/Asambleas\/alide_53\/wp-content\/uploads\/2023\/04\/clima.png\" alt=\"\" loading=\"lazy\" \/><\/figure>\n<h3>Clima<\/h3>\n<p> La temperatura promedio en los meses de mayo o junio es de 25\u00b0C (77\u00b0F). <\/p>\n<figure><img decoding=\"async\" width=\"512\" height=\"512\" src=\"https:\/\/asambleaalide.org\/Asambleas\/alide_53\/wp-content\/uploads\/2023\/04\/wifi.png\" alt=\"\" loading=\"lazy\" \/><\/figure>\n<h3>WiFi<\/h3>\n<p>Los operadores m\u00f3viles disponibles son Claro y Tigo, cuentan con una red inal\u00e1mbrica 4.5G con una velocidad aproximada a los 60MB (dependiendo la zona de cobertura), puede contratarse mediante tarjeta SIM prepagada con valores desde 2.5$ hasta 15$ depende la cantidad de megas a contratar.<\/p>\n<p>\t\t\t\t\t\t\t\t\t\t\t\t\t\t\t<img decoding=\"async\" width=\"1024\" height=\"28\" src=\"https:\/\/asambleaalide.org\/Asambleas\/alide_53\/wp-content\/uploads\/2023\/02\/rect552-1024x28.png\" alt=\"\" loading=\"lazy\" srcset=\"https:\/\/asambleaalide.org\/Asambleas\/alide_53\/wp-content\/uploads\/2023\/02\/rect552-1024x28.png 1024w, https:\/\/asambleaalide.org\/Asambleas\/alide_53\/wp-content\/uploads\/2023\/02\/rect552-300x8.png 300w, https:\/\/asambleaalide.org\/Asambleas\/alide_53\/wp-content\/uploads\/2023\/02\/rect552-768x21.png 768w, https:\/\/asambleaalide.org\/Asambleas\/alide_53\/wp-content\/uploads\/2023\/02\/rect552-1536x42.png 1536w, https:\/\/asambleaalide.org\/Asambleas\/alide_53\/wp-content\/uploads\/2023\/02\/rect552-2048x56.png 2048w\" sizes=\"(max-width: 1024px) 100vw, 1024px\" \/><br \/>\n\t\t\t\t\t\t\t\t\t\t\t\t\t\t\t<img decoding=\"async\" width=\"1024\" height=\"28\" src=\"https:\/\/asambleaalide.org\/Asambleas\/alide_53\/wp-content\/uploads\/2023\/02\/rect552-1024x28.png\" alt=\"\" loading=\"lazy\" srcset=\"https:\/\/asambleaalide.org\/Asambleas\/alide_53\/wp-content\/uploads\/2023\/02\/rect552-1024x28.png 1024w, https:\/\/asambleaalide.org\/Asambleas\/alide_53\/wp-content\/uploads\/2023\/02\/rect552-300x8.png 300w, https:\/\/asambleaalide.org\/Asambleas\/alide_53\/wp-content\/uploads\/2023\/02\/rect552-768x21.png 768w, https:\/\/asambleaalide.org\/Asambleas\/alide_53\/wp-content\/uploads\/2023\/02\/rect552-1536x42.png 1536w, https:\/\/asambleaalide.org\/Asambleas\/alide_53\/wp-content\/uploads\/2023\/02\/rect552-2048x56.png 2048w\" sizes=\"(max-width: 1024px) 100vw, 1024px\" \/><br \/>\n\t\t\t\t\t\t\t\t\t\t\t\t\t\t\t<img decoding=\"async\" width=\"1024\" height=\"339\" src=\"https:\/\/asambleaalide.org\/Asambleas\/alide_53\/wp-content\/uploads\/2023\/04\/logo-esp-1-1024x339.png\" alt=\"\" loading=\"lazy\" srcset=\"https:\/\/asambleaalide.org\/Asambleas\/alide_53\/wp-content\/uploads\/2023\/04\/logo-esp-1-1024x339.png 1024w, https:\/\/asambleaalide.org\/Asambleas\/alide_53\/wp-content\/uploads\/2023\/04\/logo-esp-1-300x99.png 300w, https:\/\/asambleaalide.org\/Asambleas\/alide_53\/wp-content\/uploads\/2023\/04\/logo-esp-1-768x254.png 768w, https:\/\/asambleaalide.org\/Asambleas\/alide_53\/wp-content\/uploads\/2023\/04\/logo-esp-1.png 1500w\" sizes=\"(max-width: 1024px) 100vw, 1024px\" \/><br \/>\n\t\t\t<strong>LUGAR Y FECHA<\/strong><\/p>\n<p>COPANTL Hotel &amp; Convention Center<br \/>\nResidencial Los Arcos, Blvr. del Sur 21104,<br \/>\nSan Pedro Sula, Honduras<br \/>\n<a href=\"https:\/\/copantl.com\/\">www.copantl.com<\/a><br \/>Mi\u00e9rcoles 31 de mayo al viernes 2 de junio del 2023<br \/>\n<strong>CONTACTO<\/strong><BR\/><BR\/><br \/>\nALIDE<BR\/><br \/>\n<strong>Marlene Zamora<\/strong><BR\/><br \/>\nJefe, Unidad de Conferencias<BR\/><br \/>\nCelular\/WhatsApp: (+51) 980421324<BR\/><br \/>\nE-mail:\u00a0<a style=\"color: #000;\" href=\"mailto:mzamora@alide.org\">mzamora@alide.org<\/a>\u00a0 \u00a0\/\u00a0 \u00a0<a style=\"color: #000;\" href=\"http:\/\/www.alide.org\">www.alide.org<\/a><br \/>\n\t\t\t\t\t<a href=\"https:\/\/www.facebook.com\/alideoficial\/\" target=\"_blank\" rel=\"noopener\"><br \/>\n\t\t\t\t\t\tFacebook<br \/>\n\t\t\t\t\t\t\t\t\t\t\t<\/a><br \/>\n\t\t\t\t\t<a href=\"https:\/\/twitter.com\/_ALIDE_\" target=\"_blank\" rel=\"noopener\"><br \/>\n\t\t\t\t\t\tTwitter<br \/>\n\t\t\t\t\t\t\t\t\t\t\t<\/a><br \/>\n\t\t\t\t\t<a href=\"https:\/\/www.youtube.com\/user\/ALIDEVIDEOS\" target=\"_blank\" rel=\"noopener\"><br \/>\n\t\t\t\t\t\tYoutube<br \/>\n\t\t\t\t\t\t\t\t\t\t\t<\/a><br \/>\n\t\t\t\t\t<a href=\"https:\/\/www.linkedin.com\/company\/alide---asociaci-n-latinoamericana-de-instituciones-financieras-para-el-desarrollo?trk=fc_badge&#038;original_referer=\" target=\"_blank\" rel=\"noopener\"><br \/>\n\t\t\t\t\t\tLinkedin<br \/>\n\t\t\t\t\t\t\t\t\t\t\t<\/a><\/p>\n","protected":false},"excerpt":{"rendered":"<p>INFORMACI\u00d3N GENERAL Inicio \/ Informaci\u00f3n general HONDURAS La Rep\u00fablica de Honduras, es un pa\u00eds de Am\u00e9rica Central con costas en el mar Caribe al norte y en el oc\u00e9ano Pac\u00edfico al sur; y una de sus ciudades m\u00e1s grandes es San Pedro Sula, sede de las empresas industriales m\u00e1s importantes del [&hellip;]<\/p>\n","protected":false},"author":2,"featured_media":0,"parent":0,"menu_order":0,"comment_status":"closed","ping_status":"closed","template":"elementor_header_footer","meta":[],"translation":{"provider":"WPGlobus","version":"2.10.10","language":"es","enabled_languages":["es","en"],"languages":{"es":{"title":true,"content":true,"excerpt":false},"en":{"title":true,"content":true,"excerpt":false}}},"yoast_head":"<!-- This site is optimized with the Yoast SEO plugin v19.3 - https:\/\/yoast.com\/wordpress\/plugins\/seo\/ -->\n<title>INFORMACION GENERAL - ALIDE 53<\/title>\n<meta name=\"robots\" content=\"index, follow, max-snippet:-1, max-image-preview:large, max-video-preview:-1\" \/>\n<link rel=\"canonical\" href=\"https:\/\/asambleaalide.org\/Asambleas\/alide_53\/informacion-general\/\" \/>\n<meta property=\"og:locale\" content=\"es_ES\" \/>\n<meta property=\"og:type\" content=\"article\" \/>\n<meta property=\"og:title\" content=\"INFORMACION GENERAL - ALIDE 53\" \/>\n<meta property=\"og:url\" content=\"https:\/\/asambleaalide.org\/Asambleas\/alide_53\/informacion-general\/\" \/>\n<meta property=\"og:site_name\" content=\"ALIDE 53\" \/>\n<meta property=\"article:modified_time\" content=\"2023-05-24T22:10:26+00:00\" \/>\n<meta property=\"og:image\" content=\"https:\/\/asambleaalide.org\/Asambleas\/alide_53\/wp-content\/uploads\/2023\/04\/202868_5f354551cf02a.jpg\" \/>\n<meta name=\"twitter:card\" content=\"summary_large_image\" \/>\n<meta name=\"twitter:label1\" content=\"Tiempo de lectura\" \/>\n\t<meta name=\"twitter:data1\" content=\"6 minutos\" \/>\n<script type=\"application\/ld+json\" class=\"yoast-schema-graph\">{\"@context\":\"https:\/\/schema.org\",\"@graph\":[{\"@type\":\"WebSite\",\"@id\":\"https:\/\/asambleaalide.org\/Asambleas\/alide_53\/#website\",\"url\":\"https:\/\/asambleaalide.org\/Asambleas\/alide_53\/\",\"name\":\"ALIDE 53\",\"description\":\"ALIDE 53\",\"potentialAction\":[{\"@type\":\"SearchAction\",\"target\":{\"@type\":\"EntryPoint\",\"urlTemplate\":\"https:\/\/asambleaalide.org\/Asambleas\/alide_53\/?s={search_term_string}\"},\"query-input\":\"required name=search_term_string\"}],\"inLanguage\":\"es\"},{\"@type\":\"ImageObject\",\"inLanguage\":\"es\",\"@id\":\"https:\/\/asambleaalide.org\/Asambleas\/alide_53\/informacion-general\/#primaryimage\",\"url\":\"https:\/\/asambleaalide.org\/Asambleas\/alide_53\/wp-content\/uploads\/2023\/04\/202868_5f354551cf02a.jpg\",\"contentUrl\":\"https:\/\/asambleaalide.org\/Asambleas\/alide_53\/wp-content\/uploads\/2023\/04\/202868_5f354551cf02a.jpg\",\"width\":645,\"height\":430},{\"@type\":\"WebPage\",\"@id\":\"https:\/\/asambleaalide.org\/Asambleas\/alide_53\/informacion-general\/\",\"url\":\"https:\/\/asambleaalide.org\/Asambleas\/alide_53\/informacion-general\/\",\"name\":\"INFORMACION GENERAL - ALIDE 53\",\"isPartOf\":{\"@id\":\"https:\/\/asambleaalide.org\/Asambleas\/alide_53\/#website\"},\"primaryImageOfPage\":{\"@id\":\"https:\/\/asambleaalide.org\/Asambleas\/alide_53\/informacion-general\/#primaryimage\"},\"datePublished\":\"2023-04-05T15:57:41+00:00\",\"dateModified\":\"2023-05-24T22:10:26+00:00\",\"breadcrumb\":{\"@id\":\"https:\/\/asambleaalide.org\/Asambleas\/alide_53\/informacion-general\/#breadcrumb\"},\"inLanguage\":\"es\",\"potentialAction\":[{\"@type\":\"ReadAction\",\"target\":[\"https:\/\/asambleaalide.org\/Asambleas\/alide_53\/informacion-general\/\"]}]},{\"@type\":\"BreadcrumbList\",\"@id\":\"https:\/\/asambleaalide.org\/Asambleas\/alide_53\/informacion-general\/#breadcrumb\",\"itemListElement\":[{\"@type\":\"ListItem\",\"position\":1,\"name\":\"Portada\",\"item\":\"https:\/\/asambleaalide.org\/Asambleas\/alide_53\/\"},{\"@type\":\"ListItem\",\"position\":2,\"name\":\"INFORMACION GENERAL\"}]}]}<\/script>\n<!-- \/ Yoast SEO plugin. -->","yoast_head_json":{"title":"INFORMACION GENERAL - ALIDE 53","robots":{"index":"index","follow":"follow","max-snippet":"max-snippet:-1","max-image-preview":"max-image-preview:large","max-video-preview":"max-video-preview:-1"},"canonical":"https:\/\/asambleaalide.org\/Asambleas\/alide_53\/informacion-general\/","og_locale":"es_ES","og_type":"article","og_title":"INFORMACION GENERAL - ALIDE 53","og_url":"https:\/\/asambleaalide.org\/Asambleas\/alide_53\/informacion-general\/","og_site_name":"ALIDE 53","article_modified_time":"2023-05-24T22:10:26+00:00","og_image":[{"url":"https:\/\/asambleaalide.org\/Asambleas\/alide_53\/wp-content\/uploads\/2023\/04\/202868_5f354551cf02a.jpg"}],"twitter_card":"summary_large_image","twitter_misc":{"Tiempo de lectura":"6 minutos"},"schema":{"@context":"https:\/\/schema.org","@graph":[{"@type":"WebSite","@id":"https:\/\/asambleaalide.org\/Asambleas\/alide_53\/#website","url":"https:\/\/asambleaalide.org\/Asambleas\/alide_53\/","name":"ALIDE 53","description":"ALIDE 53","potentialAction":[{"@type":"SearchAction","target":{"@type":"EntryPoint","urlTemplate":"https:\/\/asambleaalide.org\/Asambleas\/alide_53\/?s={search_term_string}"},"query-input":"required name=search_term_string"}],"inLanguage":"es"},{"@type":"ImageObject","inLanguage":"es","@id":"https:\/\/asambleaalide.org\/Asambleas\/alide_53\/informacion-general\/#primaryimage","url":"https:\/\/asambleaalide.org\/Asambleas\/alide_53\/wp-content\/uploads\/2023\/04\/202868_5f354551cf02a.jpg","contentUrl":"https:\/\/asambleaalide.org\/Asambleas\/alide_53\/wp-content\/uploads\/2023\/04\/202868_5f354551cf02a.jpg","width":645,"height":430},{"@type":"WebPage","@id":"https:\/\/asambleaalide.org\/Asambleas\/alide_53\/informacion-general\/","url":"https:\/\/asambleaalide.org\/Asambleas\/alide_53\/informacion-general\/","name":"INFORMACION GENERAL - ALIDE 53","isPartOf":{"@id":"https:\/\/asambleaalide.org\/Asambleas\/alide_53\/#website"},"primaryImageOfPage":{"@id":"https:\/\/asambleaalide.org\/Asambleas\/alide_53\/informacion-general\/#primaryimage"},"datePublished":"2023-04-05T15:57:41+00:00","dateModified":"2023-05-24T22:10:26+00:00","breadcrumb":{"@id":"https:\/\/asambleaalide.org\/Asambleas\/alide_53\/informacion-general\/#breadcrumb"},"inLanguage":"es","potentialAction":[{"@type":"ReadAction","target":["https:\/\/asambleaalide.org\/Asambleas\/alide_53\/informacion-general\/"]}]},{"@type":"BreadcrumbList","@id":"https:\/\/asambleaalide.org\/Asambleas\/alide_53\/informacion-general\/#breadcrumb","itemListElement":[{"@type":"ListItem","position":1,"name":"Portada","item":"https:\/\/asambleaalide.org\/Asambleas\/alide_53\/"},{"@type":"ListItem","position":2,"name":"INFORMACION GENERAL"}]}]}},"_links":{"self":[{"href":"https:\/\/asambleaalide.org\/Asambleas\/alide_53\/wp-json\/wp\/v2\/pages\/5836"}],"collection":[{"href":"https:\/\/asambleaalide.org\/Asambleas\/alide_53\/wp-json\/wp\/v2\/pages"}],"about":[{"href":"https:\/\/asambleaalide.org\/Asambleas\/alide_53\/wp-json\/wp\/v2\/types\/page"}],"author":[{"embeddable":true,"href":"https:\/\/asambleaalide.org\/Asambleas\/alide_53\/wp-json\/wp\/v2\/users\/2"}],"replies":[{"embeddable":true,"href":"https:\/\/asambleaalide.org\/Asambleas\/alide_53\/wp-json\/wp\/v2\/comments?post=5836"}],"version-history":[{"count":83,"href":"https:\/\/asambleaalide.org\/Asambleas\/alide_53\/wp-json\/wp\/v2\/pages\/5836\/revisions"}],"predecessor-version":[{"id":6526,"href":"https:\/\/asambleaalide.org\/Asambleas\/alide_53\/wp-json\/wp\/v2\/pages\/5836\/revisions\/6526"}],"wp:attachment":[{"href":"https:\/\/asambleaalide.org\/Asambleas\/alide_53\/wp-json\/wp\/v2\/media?parent=5836"}],"curies":[{"name":"wp","href":"https:\/\/api.w.org\/{rel}","templated":true}]}}